{"id":25733,"date":"2016-05-05T15:06:35","date_gmt":"2016-05-05T18:06:35","guid":{"rendered":"http:\/\/www.comodoro.gov.ar\/desarrollohumano\/?page_id=25733"},"modified":"2026-02-13T10:47:29","modified_gmt":"2026-02-13T13:47:29","slug":"adultos_mayores","status":"publish","type":"page","link":"https:\/\/www.comodoro.gov.ar\/desarrollohumano\/adultos_mayores\/","title":{"rendered":"Direcci\u00f3n General Adultos Mayores"},"content":{"rendered":"<p><img loading=\"lazy\" decoding=\"async\" class=\" wp-image-36365 alignleft\" src=\"https:\/\/www.comodoro.gov.ar\/desarrollohumano\/wp-content\/uploads\/2026\/02\/Dir-Gral-ADULTOS-MAYORES-e1770989657575.png\" alt=\"\" width=\"303\" height=\"147\" srcset=\"https:\/\/www.comodoro.gov.ar\/desarrollohumano\/wp-content\/uploads\/2026\/02\/Dir-Gral-ADULTOS-MAYORES-e1770989657575.png 510w, https:\/\/www.comodoro.gov.ar\/desarrollohumano\/wp-content\/uploads\/2026\/02\/Dir-Gral-ADULTOS-MAYORES-e1770989657575-300x145.png 300w\" sizes=\"auto, (max-width: 303px) 100vw, 303px\" \/><\/p>\n<p><strong>Responsable:<\/strong> Lic. Viviana Traversa<\/p>\n<p><strong>Direcci\u00f3n:<\/strong> O&#8217; Higgins 497<\/p>\n<p><strong>Horario de atenci\u00f3n:\u00a0<\/strong>Lunes a Viernes de 08:30 a 13:30 (Sin servicio de guardia)<\/p>\n<p>&nbsp;<\/p>\n<p><strong>Tel. Fijo:<\/strong> 297 4463692<\/p>\n<p><strong>Tel. Celular:<\/strong> +54 9 297 413 7365<\/p>\n<p><strong>Email:<\/strong> <strong><a href=\"mailto:adultosmayores@comodoro.gov.ar\" target=\"_blank\" rel=\"noopener\">adultosmayores@comodoro.gov.ar <\/a><\/strong><\/p>\n<p><strong>Facebook<\/strong> &#8211;<strong><a href=\"https:\/\/www.facebook.com\/Direccion-De-Adultoyores-1682869385312554\/\" target=\"_blank\" rel=\"noopener\">Direcci\u00f3n Adultos Mayores<\/a><\/strong><\/p>\n<p>&nbsp;<\/p>\n<p><strong>Direcci\u00f3n General de Adultos Mayores<\/strong><\/p>\n<p>La Direcci\u00f3n General de Adultos Mayores dependiente de la Secretar\u00eda de Desarrollo Humano y Familia de la Municipalidad de Comodoro Rivadavia.<\/p>\n<p>Trabajamos para garantizar que todas la personas mayores de nuestra ciudad vivan con dignidad, respeto y plenitud. Nos guiamos por leyes de protecci\u00f3n integral para asegurar que sus derechos sean siempre respetados.<\/p>\n<p><strong>\u00bfQu\u00e9 hacemos por vos?<\/strong><\/p>\n<ul>\n<li><strong>Protecci\u00f3n de Derechos:<\/strong> Te asesoramos e informamos sobre tus derechos y c\u00f3mo hacerlos valer.<\/li>\n<li><strong>Acompa\u00f1amiento y Asistencia:\u00a0<\/strong>Generamos accciones para mejorar tu calidad de vida y bienestar.<\/li>\n<li><strong>Participaci\u00f3n Activa:\u00a0<\/strong> Promovemos espacios culturales, sociales y recreativos donde vos seas el protagon\u00edsta.<\/li>\n<li><strong>Acceso a Servicios:\u00a0<\/strong>Te ayudamos a gestionar y acceder a los servicios sociales, tanto p\u00fablicos como privados.<\/li>\n<\/ul>\n<p><strong>Nuestro compromiso de gesti\u00f3n<\/strong><\/p>\n<ul>\n<li>Estudiamos la situaci\u00f3n actual de los adultos mayores de Comodoro para dise\u00f1ar mejores pol\u00edticas p\u00fablicas.<\/li>\n<li>Nuestros equipos se forman permanentemente para brindarte la mejor atenci\u00f3n.<\/li>\n<li>Participamos en actividades a nivel provincial y nacional para traer las mejores soluciones a nuestra ciudad<\/li>\n<\/ul>\n<p>&nbsp;<\/p>\n","protected":false},"excerpt":{"rendered":"<p>Responsable: Lic. Viviana Traversa Direcci\u00f3n: O&#8217; Higgins 497 Horario de atenci\u00f3n:\u00a0Lunes a Viernes de 08:30<\/p>\n","protected":false},"author":1,"featured_media":36022,"parent":0,"menu_order":0,"comment_status":"closed","ping_status":"closed","template":"","meta":{"footnotes":""},"class_list":["post-25733","page","type-page","status-publish","has-post-thumbnail","hentry"],"_links":{"self":[{"href":"https:\/\/www.comodoro.gov.ar\/desarrollohumano\/wp-json\/wp\/v2\/pages\/25733","targetHints":{"allow":["GET"]}}],"collection":[{"href":"https:\/\/www.comodoro.gov.ar\/desarrollohumano\/wp-json\/wp\/v2\/pages"}],"about":[{"href":"https:\/\/www.comodoro.gov.ar\/desarrollohumano\/wp-json\/wp\/v2\/types\/page"}],"author":[{"embeddable":true,"href":"https:\/\/www.comodoro.gov.ar\/desarrollohumano\/wp-json\/wp\/v2\/users\/1"}],"replies":[{"embeddable":true,"href":"https:\/\/www.comodoro.gov.ar\/desarrollohumano\/wp-json\/wp\/v2\/comments?post=25733"}],"version-history":[{"count":11,"href":"https:\/\/www.comodoro.gov.ar\/desarrollohumano\/wp-json\/wp\/v2\/pages\/25733\/revisions"}],"predecessor-version":[{"id":35971,"href":"https:\/\/www.comodoro.gov.ar\/desarrollohumano\/wp-json\/wp\/v2\/pages\/25733\/revisions\/35971"}],"wp:featuredmedia":[{"embeddable":true,"href":"https:\/\/www.comodoro.gov.ar\/desarrollohumano\/wp-json\/wp\/v2\/media\/36022"}],"wp:attachment":[{"href":"https:\/\/www.comodoro.gov.ar\/desarrollohumano\/wp-json\/wp\/v2\/media?parent=25733"}],"curies":[{"name":"wp","href":"https:\/\/api.w.org\/{rel}","templated":true}]}}